{"id":7090,"date":"2020-03-04T13:53:30","date_gmt":"2020-03-04T12:53:30","guid":{"rendered":"http:\/\/www.orno.be\/?page_id=7090"},"modified":"2024-09-11T21:12:26","modified_gmt":"2024-09-11T19:12:26","slug":"manger-et-boire","status":"publish","type":"page","link":"https:\/\/www.orno.be\/index.php\/prestataires\/manger-et-boire\/","title":{"rendered":"Manger et boire"},"content":{"rendered":"<div class=\"wpb-content-wrapper\"><p>[vc_row content_placement=\u00a0\u00bbmiddle\u00a0\u00bb][vc_column width=\u00a0\u00bb2\/3&Prime;][vc_custom_heading text=\u00a0\u00bbAvec mes Orno, je peux&#8230;\u00a0\u00bb font_container=\u00a0\u00bbtag:p|font_size:32|text_align:left\u00a0\u00bb google_fonts=\u00a0\u00bbfont_family:Raleway%3A100%2C200%2C300%2Cregular%2C500%2C600%2C700%2C800%2C900|font_style:400%20regular%3A400%3Anormal\u00a0\u00bb][\/vc_column][vc_column width=\u00a0\u00bb1\/3&Prime;][vc_single_image image=\u00a0\u00bb402&Prime; img_size=\u00a0\u00bb100&#215;100&Prime; alignment=\u00a0\u00bbright\u00a0\u00bb][\/vc_column][\/vc_row][vc_row equal_height=\u00a0\u00bbyes\u00a0\u00bb parallax=\u00a0\u00bbcontent-moving\u00a0\u00bb][vc_column][vc_row_inner content_placement=\u00a0\u00bbmiddle\u00a0\u00bb css=\u00a0\u00bb.vc_custom_1579862743737{padding-bottom: 5px !important;background-color: #55c2da !important;}\u00a0\u00bb][vc_column_inner width=\u00a0\u00bb1\/3&Prime;][vc_custom_heading text=\u00a0\u00bbMANGER ET BOIRE CHEZ&#8230;\u00a0\u00bb font_container=\u00a0\u00bbtag:h2|font_size:18|text_align:left|color:%23ffffff\u00a0\u00bb google_fonts=\u00a0\u00bbfont_family:Raleway%3A100%2C200%2C300%2Cregular%2C500%2C600%2C700%2C800%2C900|font_style:900%20bold%20regular%3A900%3Anormal\u00a0\u00bb][\/vc_column_inner][vc_column_inner width=\u00a0\u00bb1\/3&Prime;][\/vc_column_inner][vc_column_inner width=\u00a0\u00bb1\/3&Prime;][vc_gallery type=\u00a0\u00bbimage_grid\u00a0\u00bb images=\u00a0\u00bb6893,6894,6895,6896,6897,6898,6899&Prime; img_size=\u00a0\u00bb50&#215;50&Prime; onclick=\u00a0\u00bb\u00a0\u00bb css=\u00a0\u00bb.vc_custom_1579864520079{padding-right: 5px !important;padding-left: 5px !important;}\u00a0\u00bb][\/vc_column_inner][\/vc_row_inner][vc_row_inner gap=\u00a0\u00bb20&Prime; css=\u00a0\u00bb.vc_custom_1530561296794{padding-top: 50px !important;padding-bottom: 50px !important;}\u00a0\u00bb][vc_column_inner width=\u00a0\u00bb1\/4&Prime; css=\u00a0\u00bb.vc_custom_1530560982716{padding-top: 10px !important;padding-right: 20px !important;padding-bottom: 10px !important;padding-left: 20px !important;background-color: #ededed !important;}\u00a0\u00bb][vc_custom_heading text=\u00a0\u00bbAlimentation\u00a0\u00bb font_container=\u00a0\u00bbtag:h4|font_size:10|text_align:left\u00a0\u00bb google_fonts=\u00a0\u00bbfont_family:Raleway%3A100%2C200%2C300%2Cregular%2C500%2C600%2C700%2C800%2C900|font_style:300%20light%20regular%3A300%3Anormal\u00a0\u00bb css=\u00a0\u00bb.vc_custom_1530559693272{margin-top: 0px !important;margin-bottom: 0px !important;border-top-width: 0px !important;border-bottom-width: 0px !important;padding-top: 0px !important;padding-bottom: 0px !important;}\u00a0\u00bb][vc_custom_heading text=\u00a0\u00bbAGRICOVERT\u00a0\u00bb font_container=\u00a0\u00bbtag:h3|font_size:14|text_align:left\u00a0\u00bb google_fonts=\u00a0\u00bbfont_family:Raleway%3A100%2C200%2C300%2Cregular%2C500%2C600%2C700%2C800%2C900|font_style:900%20bold%20regular%3A900%3Anormal\u00a0\u00bb link=\u00a0\u00bburl:http%3A%2F%2Fwww.agricovert.be||target:%20_blank|\u00a0\u00bb][vc_single_image image=\u00a0\u00bb570&Prime; img_size=\u00a0\u00bbfull\u00a0\u00bb][vc_custom_heading text=\u00a0\u00bbChauss\u00e9e de Wavre 37, 5030 Gembloux\u00a0\u00bb font_container=\u00a0\u00bbtag:p|text_align:left\u00a0\u00bb google_fonts=\u00a0\u00bbfont_family:Raleway%3A100%2C200%2C300%2Cregular%2C500%2C600%2C700%2C800%2C900|font_style:400%20regular%3A400%3Anormal\u00a0\u00bb][vc_custom_heading text=\u00a0\u00bbAgricovert est une coop\u00e9rative agricole \u00e9cologique qui rassemble diff\u00e9rents producteurs et consom&rsquo;acteurs de la r\u00e9gion avec pour but principal de vendre leurs produits locaux \u00e0 un prix juste et viable. Ce projet \u00e0 finalit\u00e9 sociale vise la cr\u00e9ation d&#8217;emplois durables pour les personnes \u00e9loign\u00e9es de l&#8217;emploi et met au centre de ses activit\u00e9s le respect de l\u2019humain et celui de son environnement naturel et social. Agricovert se veut \u00eatre une alternative, au mod\u00e8le \u00e9conomique dominant, permettant de reprendre notre droit \u00e0 une souverainet\u00e9 alimentaire et assurer une alimentation saine et nutritive pour tous.<\/p>\n<p>Les producteurs vendent leurs produits via des paniers hebdomadaires, ou dans les diff\u00e9rents comptoirs Agricovert.\u00a0\u00bb font_container=\u00a0\u00bbtag:p|text_align:left\u00a0\u00bb google_fonts=\u00a0\u00bbfont_family:Raleway%3A100%2C200%2C300%2Cregular%2C500%2C600%2C700%2C800%2C900|font_style:400%20regular%3A400%3Anormal\u00a0\u00bb][\/vc_column_inner][vc_column_inner width=\u00a0\u00bb1\/4&Prime; css=\u00a0\u00bb.vc_custom_1530560240986{margin-top: 0px !important;margin-bottom: 0px !important;border-top-width: 0px !important;border-bottom-width: 0px !important;padding-top: 10px !important;padding-right: 20px !important;padding-bottom: 10px !important;padding-left: 20px !important;background-color: #ededed !important;}\u00a0\u00bb][vc_custom_heading text=\u00a0\u00bbAlimentation\u00a0\u00bb font_container=\u00a0\u00bbtag:h4|font_size:10|text_align:left\u00a0\u00bb google_fonts=\u00a0\u00bbfont_family:Raleway%3A100%2C200%2C300%2Cregular%2C500%2C600%2C700%2C800%2C900|font_style:300%20light%20regular%3A300%3Anormal\u00a0\u00bb css=\u00a0\u00bb.vc_custom_1530559693272{margin-top: 0px !important;margin-bottom: 0px !important;border-top-width: 0px !important;border-bottom-width: 0px !important;padding-top: 0px !important;padding-bottom: 0px !important;}\u00a0\u00bb][vc_custom_heading text=\u00a0\u00bbAL-TERRE-NATIVE\u00a0\u00bb font_container=\u00a0\u00bbtag:h3|font_size:14|text_align:left\u00a0\u00bb google_fonts=\u00a0\u00bbfont_family:Raleway%3A100%2C200%2C300%2Cregular%2C500%2C600%2C700%2C800%2C900|font_style:900%20bold%20regular%3A900%3Anormal\u00a0\u00bb link=\u00a0\u00bburl:http%3A%2F%2Fwww.epicerie-alterrenative.be%2F||target:%20_blank|\u00a0\u00bb][vc_single_image image=\u00a0\u00bb550&Prime; img_size=\u00a0\u00bbfull\u00a0\u00bb][vc_custom_heading text=\u00a0\u00bbChauss\u00e9e de Charleroi 17, 5140 Tongrinne\u00a0\u00bb font_container=\u00a0\u00bbtag:p|text_align:left\u00a0\u00bb google_fonts=\u00a0\u00bbfont_family:Raleway%3A100%2C200%2C300%2Cregular%2C500%2C600%2C700%2C800%2C900|font_style:400%20regular%3A400%3Anormal\u00a0\u00bb][vc_custom_heading text=\u00a0\u00bbAl-Terre-Native est une \u00e9picerie qui encourage une d\u00e9marche responsable vers une consommation plus propre et plus \u00e9quitable, et propose un large choix de denr\u00e9es alimentaires et non alimentaires en vrac provenant, dans la mesure du possible, de producteurs locaux pratiquant l\u2019agriculture bio ou raisonn\u00e9e.\u00a0\u00bb font_container=\u00a0\u00bbtag:p|text_align:left\u00a0\u00bb google_fonts=\u00a0\u00bbfont_family:Raleway%3A100%2C200%2C300%2Cregular%2C500%2C600%2C700%2C800%2C900|font_style:400%20regular%3A400%3Anormal\u00a0\u00bb][\/vc_column_inner][vc_column_inner width=\u00a0\u00bb1\/4&Prime; css=\u00a0\u00bb.vc_custom_1530561034699{padding-top: 10px !important;padding-right: 20px !important;padding-bottom: 10px !important;padding-left: 20px !important;background-color: #ededed !important;}\u00a0\u00bb][vc_custom_heading text=\u00a0\u00bbAlimentation<br \/>\nHoreca\u00a0\u00bb font_container=\u00a0\u00bbtag:h4|font_size:10|text_align:left\u00a0\u00bb google_fonts=\u00a0\u00bbfont_family:Raleway%3A100%2C200%2C300%2Cregular%2C500%2C600%2C700%2C800%2C900|font_style:300%20light%20regular%3A300%3Anormal\u00a0\u00bb css=\u00a0\u00bb.vc_custom_1574170064472{margin-top: 0px !important;margin-bottom: 0px !important;border-top-width: 0px !important;border-bottom-width: 0px !important;padding-top: 0px !important;padding-bottom: 0px !important;}\u00a0\u00bb][vc_custom_heading text=\u00a0\u00bbBRASSERIE DE BERTINCHAMPS\u00a0\u00bb font_container=\u00a0\u00bbtag:h3|font_size:14|text_align:left\u00a0\u00bb google_fonts=\u00a0\u00bbfont_family:Raleway%3A100%2C200%2C300%2Cregular%2C500%2C600%2C700%2C800%2C900|font_style:900%20bold%20regular%3A900%3Anormal\u00a0\u00bb link=\u00a0\u00bburl:http%3A%2F%2Fwww.bertinchamps.be%2Ffr%23home||target:%20_blank|\u00a0\u00bb][vc_single_image image=\u00a0\u00bb585&Prime; img_size=\u00a0\u00bbfull\u00a0\u00bb][vc_custom_heading text=\u00a0\u00bbRue de Bertinchamps 4, 5030 Gembloux\u00a0\u00bb font_container=\u00a0\u00bbtag:p|text_align:left\u00a0\u00bb google_fonts=\u00a0\u00bbfont_family:Raleway%3A100%2C200%2C300%2Cregular%2C500%2C600%2C700%2C800%2C900|font_style:400%20regular%3A400%3Anormal\u00a0\u00bb][vc_custom_heading text=\u00a0\u00bbProduction de bi\u00e8res artisanales par la famille Humblet depuis 2013: Bertinchamps Blonde, Brune, Triple, L\u00e9g\u00e8re, Hiver, Blanche et Pamplemousse.<\/p>\n<p>Bar et restaurant proposant une cuisine \u00ab fran\u00e7aise \u00bb \u00e0 base de produits locaux. Terrasse en \u00e9t\u00e9.<br \/>\nOuvert les vendredi midi et soir; les w-e du midi au soir en continu. Il est conseill\u00e9 de r\u00e9server : 081.87.85.28&Prime; font_container=\u00a0\u00bbtag:p|text_align:left\u00a0\u00bb google_fonts=\u00a0\u00bbfont_family:Raleway%3A100%2C200%2C300%2Cregular%2C500%2C600%2C700%2C800%2C900|font_style:400%20regular%3A400%3Anormal\u00a0\u00bb][\/vc_column_inner][vc_column_inner width=\u00a0\u00bb1\/4&Prime; css=\u00a0\u00bb.vc_custom_1530561009837{padding-top: 10px !important;padding-right: 20px !important;padding-bottom: 10px !important;padding-left: 20px !important;background-color: #ededed !important;}\u00a0\u00bb][vc_custom_heading text=\u00a0\u00bbAlimentation\u00a0\u00bb font_container=\u00a0\u00bbtag:h4|font_size:10|text_align:left\u00a0\u00bb google_fonts=\u00a0\u00bbfont_family:Raleway%3A100%2C200%2C300%2Cregular%2C500%2C600%2C700%2C800%2C900|font_style:300%20light%20regular%3A300%3Anormal\u00a0\u00bb css=\u00a0\u00bb.vc_custom_1591956454319{margin-top: 0px !important;margin-bottom: 0px !important;border-top-width: 0px !important;border-bottom-width: 0px !important;padding-top: 0px !important;padding-bottom: 0px !important;}\u00a0\u00bb][vc_custom_heading text=\u00a0\u00bbBRASSERIE DE LONS\u00c9ES\u00a0\u00bb font_container=\u00a0\u00bbtag:h3|font_size:14|text_align:left\u00a0\u00bb google_fonts=\u00a0\u00bbfont_family:Raleway%3A100%2C200%2C300%2Cregular%2C500%2C600%2C700%2C800%2C900|font_style:900%20bold%20regular%3A900%3Anormal\u00a0\u00bb link=\u00a0\u00bburl:http%3A%2F%2Fwww.brasseriedelonsees.be||target:%20_blank|\u00a0\u00bb][vc_single_image image=\u00a0\u00bb7125&Prime; img_size=\u00a0\u00bbfull\u00a0\u00bb][vc_custom_heading text=\u00a0\u00bbRue de Lonz\u00e9e 209, 5030 Gembloux\u00a0\u00bb font_container=\u00a0\u00bbtag:p|text_align:left\u00a0\u00bb google_fonts=\u00a0\u00bbfont_family:Raleway%3A100%2C200%2C300%2Cregular%2C500%2C600%2C700%2C800%2C900|font_style:400%20regular%3A400%3Anormal\u00a0\u00bb][vc_custom_heading text=\u00a0\u00bbInstall\u00e9 dans le village des sorci\u00e8res, le brasseur exp\u00e9rimente ses potions \u00e0 base de produits les plus locaux possibles pour vous ensorceler d\u00e8s la premi\u00e8re gorg\u00e9e.<\/p>\n<p>Dans une philosophie locale et \u00e9cologique, le brasseur est \u00e0 la recherche de chaque \u00e9l\u00e9ment qui permettrait de produire et consommer en faisant le moins de d\u00e9g\u00e2ts possible pour notre belle plan\u00e8te. Ce n&rsquo;est pas toujours \u00e9vident \u00e0 r\u00e9aliser quand on ne brasse qu&rsquo;en petites quantit\u00e9 mais l&rsquo;id\u00e9e est omni-pr\u00e9sente et fait \u00e9voluer ses brassages en continu.<br \/>\nL&rsquo;eau utilis\u00e9e pour refroidir la bi\u00e8re est de l&rsquo;eau de pluie, l&rsquo;\u00e9lectricit\u00e9 utilis\u00e9e est une \u00e9lectricit\u00e9 100% verte et locale. Les mat\u00e9riaux et mati\u00e8res premi\u00e8res sont, autant que possible, issus de Belgique ou d&rsquo;Europe. Les kilom\u00e8tres utilis\u00e9s pour chaque bi\u00e8re produite sont tr\u00e8s peu nombreux.\u00a0\u00bb font_container=\u00a0\u00bbtag:p|text_align:left\u00a0\u00bb google_fonts=\u00a0\u00bbfont_family:Raleway%3A100%2C200%2C300%2Cregular%2C500%2C600%2C700%2C800%2C900|font_style:400%20regular%3A400%3Anormal\u00a0\u00bb][\/vc_column_inner][\/vc_row_inner][vc_row_inner gap=\u00a0\u00bb20&Prime; css=\u00a0\u00bb.vc_custom_1530561296794{padding-top: 50px !important;padding-bottom: 50px !important;}\u00a0\u00bb][vc_column_inner width=\u00a0\u00bb1\/4&Prime; css=\u00a0\u00bb.vc_custom_1530561034699{padding-top: 10px !important;padding-right: 20px !important;padding-bottom: 10px !important;padding-left: 20px !important;background-color: #ededed !important;}\u00a0\u00bb][vc_custom_heading text=\u00a0\u00bbAlimentation\u00a0\u00bb font_container=\u00a0\u00bbtag:h4|font_size:10|text_align:left\u00a0\u00bb google_fonts=\u00a0\u00bbfont_family:Raleway%3A100%2C200%2C300%2Cregular%2C500%2C600%2C700%2C800%2C900|font_style:300%20light%20regular%3A300%3Anormal\u00a0\u00bb css=\u00a0\u00bb.vc_custom_1530559693272{margin-top: 0px !important;margin-bottom: 0px !important;border-top-width: 0px !important;border-bottom-width: 0px !important;padding-top: 0px !important;padding-bottom: 0px !important;}\u00a0\u00bb][vc_custom_heading text=\u00a0\u00bbCARR\u00c9 D\u00c9LICES\u00a0\u00bb font_container=\u00a0\u00bbtag:h3|font_size:14|text_align:left\u00a0\u00bb google_fonts=\u00a0\u00bbfont_family:Raleway%3A100%2C200%2C300%2Cregular%2C500%2C600%2C700%2C800%2C900|font_style:900%20bold%20regular%3A900%3Anormal\u00a0\u00bb link=\u00a0\u00bburl:https%3A%2F%2Fcarre-delices.com||target:%20_blank|\u00a0\u00bb][vc_single_image image=\u00a0\u00bb594&Prime; img_size=\u00a0\u00bbfull\u00a0\u00bb][vc_custom_heading text=\u00a0\u00bbChauss\u00e9e de Chastre 11, 5140 Sombreffe\u00a0\u00bb font_container=\u00a0\u00bbtag:p|text_align:left\u00a0\u00bb google_fonts=\u00a0\u00bbfont_family:Raleway%3A100%2C200%2C300%2Cregular%2C500%2C600%2C700%2C800%2C900|font_style:400%20regular%3A400%3Anormal\u00a0\u00bb][vc_custom_heading text=\u00a0\u00bbCarr\u00e9 D\u00e9lices est une petite chocolaterie sp\u00e9cialis\u00e9e dans les p\u00e2tes \u00e0 tartiner artisanales. La gamme est compos\u00e9e de 5 saveurs de p\u00e2tes \u00e0 tartiner qui sont toutes sans huile de palme, avec du chocolat bio &amp; \u00e9quitable et un minimum de sucre (sucre de canne bio non raffin\u00e9) et de graisse. Les produits sont disponibles \u00e0 la vente \u00e0 la chocolaterie, aupr\u00e8s d&rsquo;une vingtaine de revendeurs ainsi qu&rsquo;aupr\u00e8s de quelques march\u00e9s du terroir. La liste compl\u00e8te des points de vente est accessible sur https:\/\/carre-delices.com\/content\/7-les-marches-ou-nous-trouver<br \/>\nLes bocaux sont r\u00e9cup\u00e9r\u00e9s et reconditionn\u00e9s.\u00a0\u00bb font_container=\u00a0\u00bbtag:p|text_align:left\u00a0\u00bb google_fonts=\u00a0\u00bbfont_family:Raleway%3A100%2C200%2C300%2Cregular%2C500%2C600%2C700%2C800%2C900|font_style:400%20regular%3A400%3Anormal\u00a0\u00bb][\/vc_column_inner][vc_column_inner width=\u00a0\u00bb1\/4&Prime; css=\u00a0\u00bb.vc_custom_1680105244308{padding-top: 10px !important;padding-right: 20px !important;padding-bottom: 10px !important;padding-left: 20px !important;background-color: #ededed !important;}\u00a0\u00bb][vc_custom_heading text=\u00a0\u00bbAlimentation\u00a0\u00bb font_container=\u00a0\u00bbtag:h4|font_size:10|text_align:left\u00a0\u00bb google_fonts=\u00a0\u00bbfont_family:Raleway%3A100%2C200%2C300%2Cregular%2C500%2C600%2C700%2C800%2C900|font_style:300%20light%20regular%3A300%3Anormal\u00a0\u00bb css=\u00a0\u00bb.vc_custom_1540127277305{margin-top: 0px !important;margin-bottom: 0px !important;border-top-width: 0px !important;border-bottom-width: 0px !important;padding-top: 0px !important;padding-bottom: 0px !important;}\u00a0\u00bb][vc_custom_heading text=\u00a0\u00bbDE LA VIGNE \u00c0 LA LIGNE\u00a0\u00bb font_container=\u00a0\u00bbtag:h3|font_size:14|text_align:left\u00a0\u00bb google_fonts=\u00a0\u00bbfont_family:Raleway%3A100%2C200%2C300%2Cregular%2C500%2C600%2C700%2C800%2C900|font_style:900%20bold%20regular%3A900%3Anormal\u00a0\u00bb link=\u00a0\u00bburl:http%3A%2F%2Fwww.vigneligne.be||target:%20_blank|\u00a0\u00bb][vc_single_image image=\u00a0\u00bb588&Prime; img_size=\u00a0\u00bbfull\u00a0\u00bb][vc_custom_heading text=\u00a0\u00bbRue Gaie 4, 5140 Ligny\u00a0\u00bb font_container=\u00a0\u00bbtag:p|text_align:left\u00a0\u00bb google_fonts=\u00a0\u00bbfont_family:Raleway%3A100%2C200%2C300%2Cregular%2C500%2C600%2C700%2C800%2C900|font_style:400%20regular%3A400%3Anormal\u00a0\u00bb][vc_custom_heading text=\u00a0\u00bbDe la Vigne \u00e0 la Ligne importe des vins issus d\u2019une viticulture durable, bio ou biodynamique pratiqu\u00e9e par des vignerons ind\u00e9pendants et passionn\u00e9s.<br \/>\nLa philosophie du projet et la liste des vins disponibles se trouvent sur le site : www.vigneligne.be mais aussi sur la page facebook : www.facebook.com\/vigneligne\/<\/p>\n<p>Possibilit\u00e9 de livraison, de valisettes cadeau, de reprise des bouteilles non consomm\u00e9es.<br \/>\nPas de magasin physique, les commandes se font par mail, par t\u00e9l\u00e9phone ou par message Facebook.\u00a0\u00bb font_container=\u00a0\u00bbtag:p|text_align:left\u00a0\u00bb google_fonts=\u00a0\u00bbfont_family:Raleway%3A100%2C200%2C300%2Cregular%2C500%2C600%2C700%2C800%2C900|font_style:400%20regular%3A400%3Anormal\u00a0\u00bb][\/vc_column_inner][vc_column_inner width=\u00a0\u00bb1\/4&Prime; css=\u00a0\u00bb.vc_custom_1680105262151{padding-top: 10px !important;padding-right: 20px !important;padding-bottom: 10px !important;padding-left: 20px !important;background-color: #ededed !important;}\u00a0\u00bb][vc_custom_heading text=\u00a0\u00bbAlimentation<br \/>\nCulture \u2013 Divertissement \u2013 Education\u00a0\u00bb font_container=\u00a0\u00bbtag:h4|font_size:10|text_align:left\u00a0\u00bb google_fonts=\u00a0\u00bbfont_family:Raleway%3A100%2C200%2C300%2Cregular%2C500%2C600%2C700%2C800%2C900|font_style:300%20light%20regular%3A300%3Anormal\u00a0\u00bb css=\u00a0\u00bb.vc_custom_1530807705242{margin-top: 0px !important;margin-bottom: 0px !important;border-top-width: 0px !important;border-bottom-width: 0px !important;padding-top: 0px !important;padding-bottom: 0px !important;}\u00a0\u00bb][vc_custom_heading text=\u00a0\u00bbEKIKROK\u00a0\u00bb font_container=\u00a0\u00bbtag:h3|font_size:14|text_align:left\u00a0\u00bb google_fonts=\u00a0\u00bbfont_family:Raleway%3A100%2C200%2C300%2Cregular%2C500%2C600%2C700%2C800%2C900|font_style:900%20bold%20regular%3A900%3Anormal\u00a0\u00bb link=\u00a0\u00bburl:https%3A%2F%2Fekikrok.be%2F||target:%20_blank|\u00a0\u00bb][vc_single_image image=\u00a0\u00bb595&Prime; img_size=\u00a0\u00bbfull\u00a0\u00bb][vc_custom_heading text=\u00a0\u00bbRue du Bon Dieu Cauw\u00e8re 13, 5032 Bossi\u00e8re\u00a0\u00bb font_container=\u00a0\u00bbtag:p|text_align:left\u00a0\u00bb google_fonts=\u00a0\u00bbfont_family:Raleway%3A100%2C200%2C300%2Cregular%2C500%2C600%2C700%2C800%2C900|font_style:400%20regular%3A400%3Anormal\u00a0\u00bb][vc_custom_heading text=\u00a0\u00bbEkikrok est une association gembloutoise qui sensibilise \u00e0 l\u2019alimentation saine et durable et au patrimoine naturel. Elle r\u00e9alise cette mission en organisant des stages, ateliers, conf\u00e9rences, en animant un jardin potager communautaire et en facilitant l\u2019acc\u00e8s \u00e0 des produits locaux, sains (bio) et de saison par l\u2019interm\u00e9diaire d\u2019une \u00e9picerie hebdomadaire.<\/p>\n<p>Elle s\u2019appuie dans son action sur des valeurs de participation, de partage de savoirs et savoir-faire, d\u2019intelligence collective et d\u2019inclusion sociale.<\/p>\n<p>Chez Ekikrok, on accepte les paiements en Orno \u00e0 l\u2019\u00e9picerie mais aussi pour les inscriptions aux stages et aux \u00e9v\u00e9nements.\u00a0\u00bb font_container=\u00a0\u00bbtag:p|text_align:left\u00a0\u00bb google_fonts=\u00a0\u00bbfont_family:Raleway%3A100%2C200%2C300%2Cregular%2C500%2C600%2C700%2C800%2C900|font_style:400%20regular%3A400%3Anormal\u00a0\u00bb][\/vc_column_inner][vc_column_inner width=\u00a0\u00bb1\/4&Prime; css=\u00a0\u00bb.vc_custom_1726081755272{background-color: #EDEDED !important;}\u00a0\u00bb][\/vc_column_inner][\/vc_row_inner][vc_row_inner gap=\u00a0\u00bb20&Prime; css=\u00a0\u00bb.vc_custom_1530561296794{padding-top: 50px !important;padding-bottom: 50px !important;}\u00a0\u00bb][vc_column_inner width=\u00a0\u00bb1\/4&Prime; css=\u00a0\u00bb.vc_custom_1574256324429{padding-top: 10px !important;padding-right: 20px !important;padding-bottom: 10px !important;padding-left: 20px !important;background-color: #ededed !important;}\u00a0\u00bb][vc_custom_heading text=\u00a0\u00bbAlimentation<br \/>\nHORECA\u00a0\u00bb font_container=\u00a0\u00bbtag:h4|font_size:10|text_align:left\u00a0\u00bb google_fonts=\u00a0\u00bbfont_family:Raleway%3A100%2C200%2C300%2Cregular%2C500%2C600%2C700%2C800%2C900|font_style:300%20light%20regular%3A300%3Anormal\u00a0\u00bb css=\u00a0\u00bb.vc_custom_1584293183461{margin-top: 0px !important;margin-bottom: 0px !important;border-top-width: 0px !important;border-bottom-width: 0px !important;padding-top: 0px !important;padding-bottom: 0px !important;}\u00a0\u00bb][vc_custom_heading text=\u00a0\u00bbLE PRESSOIR\u00a0\u00bb font_container=\u00a0\u00bbtag:h3|font_size:14|text_align:left\u00a0\u00bb google_fonts=\u00a0\u00bbfont_family:Raleway%3A100%2C200%2C300%2Cregular%2C500%2C600%2C700%2C800%2C900|font_style:900%20bold%20regular%3A900%3Anormal\u00a0\u00bb link=\u00a0\u00bburl:https%3A%2F%2Ffr-fr.facebook.com%2FLePressoirGembloux%2F||target:%20_blank|\u00a0\u00bb][vc_single_image image=\u00a0\u00bb7118&Prime; img_size=\u00a0\u00bbfull\u00a0\u00bb][vc_custom_heading text=\u00a0\u00bbChauss\u00e9e de Wavre 45, 5030 Gembloux\u00a0\u00bb font_container=\u00a0\u00bbtag:p|text_align:left\u00a0\u00bb google_fonts=\u00a0\u00bbfont_family:Raleway%3A100%2C200%2C300%2Cregular%2C500%2C600%2C700%2C800%2C900|font_style:400%20regular%3A400%3Anormal\u00a0\u00bb][vc_custom_heading text=\u00a0\u00bbMagasin sp\u00e9cialis\u00e9 dans la vente de vins, d\u2019alcools, de produits fins pour vos colis cadeaux de f\u00eates&#8230;ou pour se faire tout simplement plaisir&#8230;\u00a0\u00bb font_container=\u00a0\u00bbtag:p|text_align:left\u00a0\u00bb google_fonts=\u00a0\u00bbfont_family:Raleway%3A100%2C200%2C300%2Cregular%2C500%2C600%2C700%2C800%2C900|font_style:400%20regular%3A400%3Anormal\u00a0\u00bb][\/vc_column_inner][vc_column_inner width=\u00a0\u00bb1\/4&Prime; css=\u00a0\u00bb.vc_custom_1574256332909{padding-top: 10px !important;padding-right: 20px !important;padding-bottom: 10px !important;padding-left: 20px !important;background-color: #ededed !important;}\u00a0\u00bb][vc_custom_heading text=\u00a0\u00bbHORECA\u00a0\u00bb font_container=\u00a0\u00bbtag:h4|font_size:10|text_align:left\u00a0\u00bb google_fonts=\u00a0\u00bbfont_family:Raleway%3A100%2C200%2C300%2Cregular%2C500%2C600%2C700%2C800%2C900|font_style:300%20light%20regular%3A300%3Anormal\u00a0\u00bb css=\u00a0\u00bb.vc_custom_1540148476123{margin-top: 0px !important;margin-bottom: 0px !important;border-top-width: 0px !important;border-bottom-width: 0px !important;padding-top: 0px !important;padding-bottom: 0px !important;}\u00a0\u00bb][vc_custom_heading text=\u00a0\u00bbROSALIE\u00a0\u00bb font_container=\u00a0\u00bbtag:h3|font_size:14|text_align:left\u00a0\u00bb google_fonts=\u00a0\u00bbfont_family:Raleway%3A100%2C200%2C300%2Cregular%2C500%2C600%2C700%2C800%2C900|font_style:900%20bold%20regular%3A900%3Anormal\u00a0\u00bb link=\u00a0\u00bburl:http%3A%2F%2Fwww.rosalieresto.be||target:%20_blank|\u00a0\u00bb][vc_single_image image=\u00a0\u00bb581&Prime; img_size=\u00a0\u00bbfull\u00a0\u00bb][vc_custom_heading text=\u00a0\u00bbChauss\u00e9e de Charleroi 69, 5030 Gembloux\u00a0\u00bb font_container=\u00a0\u00bbtag:p|text_align:left\u00a0\u00bb google_fonts=\u00a0\u00bbfont_family:Raleway%3A100%2C200%2C300%2Cregular%2C500%2C600%2C700%2C800%2C900|font_style:400%20regular%3A400%3Anormal\u00a0\u00bb][vc_custom_heading text=\u00a0\u00bbRosalie vous accueille toute la journ\u00e9e pour un caf\u00e9, une part de d\u00e9licieux g\u00e2teau, une bi\u00e8re r\u00e9gionale ou un ice-tea maison. Ici tout est fait maison, \u00e0 partir de produits locaux, de saison, souvent bios et favorisant les petites exploitations et artisans. Sur le temps de midi, vous pouvez manger un lunch rapide en choisissant dans notre carte de trois entr\u00e9es et trois plats, qui changent chaque jour, et qui sont \u00e9galement disponibles \u00e0 emporter. Il y a toujours une option v\u00e9g\u00e9tarienne ou v\u00e9g\u00e9talienne, et une attention particuli\u00e8re est port\u00e9e aux allergies et intol\u00e9rances alimentaires. Le wifi gratuit est \u00e0 votre disposition, n&rsquo;h\u00e9sitez pas \u00e0 vous installer dans nos quelques fauteuils, en profiter pour lire, travailler, papoter, vous ressourcer. Chaque dimanche, place au brunch, o\u00f9 vous choisissez parmi 10 portions sucr\u00e9es et sal\u00e9es, fa\u00e7on tapas.\u00a0\u00bb font_container=\u00a0\u00bbtag:p|text_align:left\u00a0\u00bb google_fonts=\u00a0\u00bbfont_family:Raleway%3A100%2C200%2C300%2Cregular%2C500%2C600%2C700%2C800%2C900|font_style:400%20regular%3A400%3Anormal\u00a0\u00bb][\/vc_column_inner][vc_column_inner width=\u00a0\u00bb1\/4&Prime; css=\u00a0\u00bb.vc_custom_1530561034699{padding-top: 10px !important;padding-right: 20px !important;padding-bottom: 10px !important;padding-left: 20px !important;background-color: #ededed !important;}\u00a0\u00bb][vc_custom_heading text=\u00a0\u00bbHORECA\u00a0\u00bb font_container=\u00a0\u00bbtag:h4|font_size:10|text_align:left\u00a0\u00bb google_fonts=\u00a0\u00bbfont_family:Raleway%3A100%2C200%2C300%2Cregular%2C500%2C600%2C700%2C800%2C900|font_style:300%20light%20regular%3A300%3Anormal\u00a0\u00bb css=\u00a0\u00bb.vc_custom_1578563187195{margin-top: 0px !important;margin-bottom: 0px !important;border-top-width: 0px !important;border-bottom-width: 0px !important;padding-top: 0px !important;padding-bottom: 0px !important;}\u00a0\u00bb][vc_custom_heading text=\u00a0\u00bbRUE DU VILLAGE\u00a0\u00bb font_container=\u00a0\u00bbtag:h3|font_size:14|text_align:left\u00a0\u00bb google_fonts=\u00a0\u00bbfont_family:Raleway%3A100%2C200%2C300%2Cregular%2C500%2C600%2C700%2C800%2C900|font_style:900%20bold%20regular%3A900%3Anormal\u00a0\u00bb link=\u00a0\u00bburl:http%3A%2F%2Frueduvillage.be%2F||target:%20_blank|\u00a0\u00bb][vc_single_image image=\u00a0\u00bb7068&Prime; img_size=\u00a0\u00bbfull\u00a0\u00bb][vc_custom_heading text=\u00a0\u00bbRue du Village 64, 5030 Sauveni\u00e8re\u00a0\u00bb font_container=\u00a0\u00bbtag:p|text_align:left\u00a0\u00bb google_fonts=\u00a0\u00bbfont_family:Raleway%3A100%2C200%2C300%2Cregular%2C500%2C600%2C700%2C800%2C900|font_style:400%20regular%3A400%3Anormal\u00a0\u00bb][vc_custom_heading text=\u00a0\u00bbAu revoir les roues, bonjour les briques ! Voil\u00e0 le seul changement au programme apr\u00e8s 6 ann\u00e9es pass\u00e9es \u00e0 vous servir dans notre foodtruck !<br \/>\nL\u2019ADN reste et restera toujours le m\u00eame :<br \/>\n\u2013 un duo de choc pour vous accueillir et vous chouchouter<br \/>\n\u2013 une cuisine maison sans chichi ax\u00e9e sur le go\u00fbt<br \/>\n\u2013 des burgers enti\u00e8rement travaill\u00e9 \u00e0 la main\u2026 un pain au romarin boul\u00e9 un \u00e0 un, des frites fra\u00eeches (on vous le promet), des sauces 100% home-made,\u2026<br \/>\n\u2013 des desserts dont vous vous souviendrez<br \/>\n\u2013 et bien \u00e9videmment la petite nouveaut\u00e9 : 25 places assises pour vous accueillir\u2026 un lieu o\u00f9 il fait bon se d\u00e9tendre et manger un petit bout en famille\u00a0\u00bb font_container=\u00a0\u00bbtag:p|text_align:left\u00a0\u00bb google_fonts=\u00a0\u00bbfont_family:Raleway%3A100%2C200%2C300%2Cregular%2C500%2C600%2C700%2C800%2C900|font_style:400%20regular%3A400%3Anormal\u00a0\u00bb][\/vc_column_inner][\/vc_row_inner][vc_row_inner gap=\u00a0\u00bb20&Prime; css=\u00a0\u00bb.vc_custom_1530561296794{padding-top: 50px !important;padding-bottom: 50px !important;}\u00a0\u00bb][vc_column_inner width=\u00a0\u00bb1\/4&Prime; css=\u00a0\u00bb.vc_custom_1591954225624{padding-top: 10px !important;padding-right: 20px !important;padding-bottom: 10px !important;padding-left: 20px !important;background-color: #ededed !important;}\u00a0\u00bb][vc_custom_heading text=\u00a0\u00bbAlimentation\u00a0\u00bb font_container=\u00a0\u00bbtag:h4|font_size:10|text_align:left\u00a0\u00bb google_fonts=\u00a0\u00bbfont_family:Raleway%3A100%2C200%2C300%2Cregular%2C500%2C600%2C700%2C800%2C900|font_style:300%20light%20regular%3A300%3Anormal\u00a0\u00bb css=\u00a0\u00bb.vc_custom_1530559693272{margin-top: 0px !important;margin-bottom: 0px !important;border-top-width: 0px !important;border-bottom-width: 0px !important;padding-top: 0px !important;padding-bottom: 0px !important;}\u00a0\u00bb][vc_custom_heading text=\u00a0\u00bbTIP TOP COFFEE\u00a0\u00bb font_container=\u00a0\u00bbtag:h3|font_size:14|text_align:left\u00a0\u00bb google_fonts=\u00a0\u00bbfont_family:Raleway%3A100%2C200%2C300%2Cregular%2C500%2C600%2C700%2C800%2C900|font_style:900%20bold%20regular%3A900%3Anormal\u00a0\u00bb link=\u00a0\u00bburl:http%3A%2F%2Fwww.tiptopcoffee.be||target:%20_blank|\u00a0\u00bb][vc_single_image image=\u00a0\u00bb579&Prime; img_size=\u00a0\u00bbfull\u00a0\u00bb][vc_custom_heading text=\u00a0\u00bbRue Fran\u00e7ois Dupire 5, 5140 Sombreffe\u00a0\u00bb font_container=\u00a0\u00bbtag:p|text_align:left\u00a0\u00bb google_fonts=\u00a0\u00bbfont_family:Raleway%3A100%2C200%2C300%2Cregular%2C500%2C600%2C700%2C800%2C900|font_style:400%20regular%3A400%3Anormal\u00a0\u00bb][vc_custom_heading text=\u00a0\u00bbTip Top Coffee c\u2019est avant tout une histoire de famille qui commence en 2005 et continue \u00e0 s\u2019\u00e9crire jour apr\u00e8s jour. Notre amour et notre passion du caf\u00e9, nous vous le transmettons dans nos produits et nos conseils avis\u00e9s. Tout bon caf\u00e9 commence par un choix minutieux, et un assemblage pr\u00e9cis des grains de caf\u00e9.<br \/>\nSp\u00e9cialis\u00e9e dans les caf\u00e9s de haute qualit\u00e9 torr\u00e9fi\u00e9s artisanalement, th\u00e9s et produits destin\u00e9s \u00e0 l\u2019entreprise, l\u2019horeca et le client particulier, Tip Top Coffee vous offre une gamme large et vari\u00e9e pour r\u00e9pondre rapidement \u00e0 vos demandes : \u201cCommand\u00e9 aujourd\u2019hui, livr\u00e9 demain\u201d. Notre magasin ouvert aux professionnels comme aux particuliers pour vos achats, une d\u00e9gustation de nos caf\u00e9s ou des conseils professionnels.<br \/>\nTip Top Coffee, en plus des produits food, vous propose une gamme de machines \u00e0 caf\u00e9s espresso professionnelles et domestiques haut de gamme.Le service apr\u00e8s-vente est r\u00e9alis\u00e9 par notre soci\u00e9t\u00e9.\u00a0\u00bb font_container=\u00a0\u00bbtag:p|text_align:left\u00a0\u00bb google_fonts=\u00a0\u00bbfont_family:Raleway%3A100%2C200%2C300%2Cregular%2C500%2C600%2C700%2C800%2C900|font_style:400%20regular%3A400%3Anormal\u00a0\u00bb][\/vc_column_inner][vc_column_inner width=\u00a0\u00bb1\/4&Prime; css=\u00a0\u00bb.vc_custom_1574256332909{padding-top: 10px !important;padding-right: 20px !important;padding-bottom: 10px !important;padding-left: 20px !important;background-color: #ededed !important;}\u00a0\u00bb][vc_custom_heading text=\u00a0\u00bbAlimentation\u00a0\u00bb font_container=\u00a0\u00bbtag:h4|font_size:10|text_align:left\u00a0\u00bb google_fonts=\u00a0\u00bbfont_family:Raleway%3A100%2C200%2C300%2Cregular%2C500%2C600%2C700%2C800%2C900|font_style:300%20light%20regular%3A300%3Anormal\u00a0\u00bb css=\u00a0\u00bb.vc_custom_1530559693272{margin-top: 0px !important;margin-bottom: 0px !important;border-top-width: 0px !important;border-bottom-width: 0px !important;padding-top: 0px !important;padding-bottom: 0px !important;}\u00a0\u00bb][vc_custom_heading text=\u00a0\u00bbVERT DE VIN\u00a0\u00bb font_container=\u00a0\u00bbtag:h3|font_size:14|text_align:left\u00a0\u00bb google_fonts=\u00a0\u00bbfont_family:Raleway%3A100%2C200%2C300%2Cregular%2C500%2C600%2C700%2C800%2C900|font_style:900%20bold%20regular%3A900%3Anormal\u00a0\u00bb css=\u00a0\u00bb\u00a0\u00bb link=\u00a0\u00bburl:https%3A%2F%2Fwww.facebook.com%2FVertdeVinGembloux%2F||target:%20_blank|\u00a0\u00bb][vc_single_image image=\u00a0\u00bb576&Prime; img_size=\u00a0\u00bbfull\u00a0\u00bb][vc_custom_heading text=\u00a0\u00bbChauss\u00e9e de Namur 132A, 5030 Gembloux\u00a0\u00bb font_container=\u00a0\u00bbtag:p|text_align:left\u00a0\u00bb google_fonts=\u00a0\u00bbfont_family:Raleway%3A100%2C200%2C300%2Cregular%2C500%2C600%2C700%2C800%2C900|font_style:400%20regular%3A400%3Anormal\u00a0\u00bb][vc_custom_heading text=\u00a0\u00bbLe meilleur vin n&rsquo;est pas le plus cher, mais celui qu&rsquo;on partage!\u00a0\u00bb font_container=\u00a0\u00bbtag:p|text_align:left\u00a0\u00bb google_fonts=\u00a0\u00bbfont_family:Raleway%3A100%2C200%2C300%2Cregular%2C500%2C600%2C700%2C800%2C900|font_style:400%20regular%3A400%3Anormal\u00a0\u00bb][\/vc_column_inner][vc_column_inner width=\u00a0\u00bb1\/4&Prime;][\/vc_column_inner][vc_column_inner width=\u00a0\u00bb1\/4&Prime;][\/vc_column_inner][\/vc_row_inner][\/vc_column][\/vc_row]<\/p>\n<\/div>","protected":false},"excerpt":{"rendered":"<p>[vc_row content_placement=\u00a0\u00bbmiddle\u00a0\u00bb][vc_column width=\u00a0\u00bb2\/3&Prime;][vc_custom_heading text=\u00a0\u00bbAvec mes Orno, je peux&#8230;\u00a0\u00bb font_container=\u00a0\u00bbtag:p|font_size:32|text_align:left\u00a0\u00bb google_fonts=\u00a0\u00bbfont_family:Raleway%3A100%2C200%2C300%2Cregular%2C500%2C600%2C700%2C800%2C900|font_style:400%20regular%3A400%3Anormal\u00a0\u00bb][\/vc_column][vc_column width=\u00a0\u00bb1\/3&Prime;][vc_single_image image=\u00a0\u00bb402&Prime; img_size=\u00a0\u00bb100&#215;100&Prime; alignment=\u00a0\u00bbright\u00a0\u00bb][\/vc_column][\/vc_row][vc_row equal_height=\u00a0\u00bbyes\u00a0\u00bb parallax=\u00a0\u00bbcontent-moving\u00a0\u00bb][vc_column][vc_row_inner content_placement=\u00a0\u00bbmiddle\u00a0\u00bb css=\u00a0\u00bb.vc_custom_1579862743737{padding-bottom: 5px !important;background-color: #55c2da !important;}\u00a0\u00bb][vc_column_inner width=\u00a0\u00bb1\/3&Prime;][vc_custom_heading text=\u00a0\u00bbMANGER ET BOIRE CHEZ&#8230;\u00a0\u00bb font_container=\u00a0\u00bbtag:h2|font_size:18|text_align:left|color:%23ffffff\u00a0\u00bb google_fonts=\u00a0\u00bbfont_family:Raleway%3A100%2C200%2C300%2Cregular%2C500%2C600%2C700%2C800%2C900|font_style:900%20bold%20regular%3A900%3Anormal\u00a0\u00bb][\/vc_column_inner][vc_column_inner width=\u00a0\u00bb1\/3&Prime;][\/vc_column_inner][vc_column_inner width=\u00a0\u00bb1\/3&Prime;][vc_gallery type=\u00a0\u00bbimage_grid\u00a0\u00bb images=\u00a0\u00bb6893,6894,6895,6896,6897,6898,6899&Prime; img_size=\u00a0\u00bb50&#215;50&Prime; onclick=\u00a0\u00bb\u00a0\u00bb css=\u00a0\u00bb.vc_custom_1579864520079{padding-right: 5px !important;padding-left: 5px !important;}\u00a0\u00bb][\/vc_column_inner][\/vc_row_inner][vc_row_inner gap=\u00a0\u00bb20&Prime; css=\u00a0\u00bb.vc_custom_1530561296794{padding-top: 50px !important;padding-bottom: 50px !important;}\u00a0\u00bb][vc_column_inner width=\u00a0\u00bb1\/4&Prime; css=\u00a0\u00bb.vc_custom_1530560982716{padding-top: 10px !important;padding-right: 20px !important;padding-bottom: 10px !important;padding-left: 20px &hellip; <a href=\"https:\/\/www.orno.be\/index.php\/prestataires\/manger-et-boire\/\" title=\"Manger et boire\" class=\"read-more\">Read More<\/a><\/p>\n","protected":false},"author":1,"featured_media":0,"parent":140,"menu_order":0,"comment_status":"closed","ping_status":"closed","template":"","meta":{"jetpack_post_was_ever_published":false,"footnotes":""},"class_list":["post-7090","page","type-page","status-publish","hentry"],"yoast_head":"<!-- This site is optimized with the Yoast SEO plugin v26.0 - https:\/\/yoast.com\/wordpress\/plugins\/seo\/ -->\n<title>Manger et boire - Orno<\/title>\n<meta name=\"description\" content=\"Vous retrouverez ici toutes les informations concernant les prestataires acceptant les Orno.\" \/>\n<meta name=\"robots\" content=\"index, follow, max-snippet:-1, max-image-preview:large, max-video-preview:-1\" \/>\n<link rel=\"canonical\" href=\"http:\/\/www.orno.be\/index.php\/prestataires\/manger-et-boire\/\" \/>\n<meta property=\"og:locale\" content=\"fr_FR\" \/>\n<meta property=\"og:type\" content=\"article\" \/>\n<meta property=\"og:title\" content=\"Manger et boire - Orno\" \/>\n<meta property=\"og:description\" content=\"Vous retrouverez ici toutes les informations concernant les prestataires acceptant les Orno.\" \/>\n<meta property=\"og:url\" content=\"http:\/\/www.orno.be\/index.php\/prestataires\/manger-et-boire\/\" \/>\n<meta property=\"og:site_name\" content=\"Orno\" \/>\n<meta property=\"article:modified_time\" content=\"2024-09-11T19:12:26+00:00\" \/>\n<meta name=\"twitter:card\" content=\"summary_large_image\" \/>\n<meta name=\"twitter:label1\" content=\"Dur\u00e9e de lecture estim\u00e9e\" \/>\n\t<meta name=\"twitter:data1\" content=\"13 minutes\" \/>\n<script type=\"application\/ld+json\" class=\"yoast-schema-graph\">{\"@context\":\"https:\/\/schema.org\",\"@graph\":[{\"@type\":\"WebPage\",\"@id\":\"http:\/\/www.orno.be\/index.php\/prestataires\/manger-et-boire\/\",\"url\":\"http:\/\/www.orno.be\/index.php\/prestataires\/manger-et-boire\/\",\"name\":\"Manger et boire - Orno\",\"isPartOf\":{\"@id\":\"https:\/\/www.orno.be\/#website\"},\"datePublished\":\"2020-03-04T12:53:30+00:00\",\"dateModified\":\"2024-09-11T19:12:26+00:00\",\"description\":\"Vous retrouverez ici toutes les informations concernant les prestataires acceptant les Orno.\",\"breadcrumb\":{\"@id\":\"http:\/\/www.orno.be\/index.php\/prestataires\/manger-et-boire\/#breadcrumb\"},\"inLanguage\":\"fr-FR\",\"potentialAction\":[{\"@type\":\"ReadAction\",\"target\":[\"http:\/\/www.orno.be\/index.php\/prestataires\/manger-et-boire\/\"]}]},{\"@type\":\"BreadcrumbList\",\"@id\":\"http:\/\/www.orno.be\/index.php\/prestataires\/manger-et-boire\/#breadcrumb\",\"itemListElement\":[{\"@type\":\"ListItem\",\"position\":1,\"name\":\"Accueil\",\"item\":\"https:\/\/www.orno.be\/\"},{\"@type\":\"ListItem\",\"position\":2,\"name\":\"Prestataires\",\"item\":\"https:\/\/www.orno.be\/index.php\/prestataires\/\"},{\"@type\":\"ListItem\",\"position\":3,\"name\":\"Manger et boire\"}]},{\"@type\":\"WebSite\",\"@id\":\"https:\/\/www.orno.be\/#website\",\"url\":\"https:\/\/www.orno.be\/\",\"name\":\"Orno\",\"description\":\"Monnaie citoyenne de la r\u00e9gion de Gembloux et Sombreffe\",\"potentialAction\":[{\"@type\":\"SearchAction\",\"target\":{\"@type\":\"EntryPoint\",\"urlTemplate\":\"https:\/\/www.orno.be\/?s={search_term_string}\"},\"query-input\":{\"@type\":\"PropertyValueSpecification\",\"valueRequired\":true,\"valueName\":\"search_term_string\"}}],\"inLanguage\":\"fr-FR\"}]}<\/script>\n<!-- \/ Yoast SEO plugin. -->","yoast_head_json":{"title":"Manger et boire - Orno","description":"Vous retrouverez ici toutes les informations concernant les prestataires acceptant les Orno.","robots":{"index":"index","follow":"follow","max-snippet":"max-snippet:-1","max-image-preview":"max-image-preview:large","max-video-preview":"max-video-preview:-1"},"canonical":"http:\/\/www.orno.be\/index.php\/prestataires\/manger-et-boire\/","og_locale":"fr_FR","og_type":"article","og_title":"Manger et boire - Orno","og_description":"Vous retrouverez ici toutes les informations concernant les prestataires acceptant les Orno.","og_url":"http:\/\/www.orno.be\/index.php\/prestataires\/manger-et-boire\/","og_site_name":"Orno","article_modified_time":"2024-09-11T19:12:26+00:00","twitter_card":"summary_large_image","twitter_misc":{"Dur\u00e9e de lecture estim\u00e9e":"13 minutes"},"schema":{"@context":"https:\/\/schema.org","@graph":[{"@type":"WebPage","@id":"http:\/\/www.orno.be\/index.php\/prestataires\/manger-et-boire\/","url":"http:\/\/www.orno.be\/index.php\/prestataires\/manger-et-boire\/","name":"Manger et boire - Orno","isPartOf":{"@id":"https:\/\/www.orno.be\/#website"},"datePublished":"2020-03-04T12:53:30+00:00","dateModified":"2024-09-11T19:12:26+00:00","description":"Vous retrouverez ici toutes les informations concernant les prestataires acceptant les Orno.","breadcrumb":{"@id":"http:\/\/www.orno.be\/index.php\/prestataires\/manger-et-boire\/#breadcrumb"},"inLanguage":"fr-FR","potentialAction":[{"@type":"ReadAction","target":["http:\/\/www.orno.be\/index.php\/prestataires\/manger-et-boire\/"]}]},{"@type":"BreadcrumbList","@id":"http:\/\/www.orno.be\/index.php\/prestataires\/manger-et-boire\/#breadcrumb","itemListElement":[{"@type":"ListItem","position":1,"name":"Accueil","item":"https:\/\/www.orno.be\/"},{"@type":"ListItem","position":2,"name":"Prestataires","item":"https:\/\/www.orno.be\/index.php\/prestataires\/"},{"@type":"ListItem","position":3,"name":"Manger et boire"}]},{"@type":"WebSite","@id":"https:\/\/www.orno.be\/#website","url":"https:\/\/www.orno.be\/","name":"Orno","description":"Monnaie citoyenne de la r\u00e9gion de Gembloux et Sombreffe","potentialAction":[{"@type":"SearchAction","target":{"@type":"EntryPoint","urlTemplate":"https:\/\/www.orno.be\/?s={search_term_string}"},"query-input":{"@type":"PropertyValueSpecification","valueRequired":true,"valueName":"search_term_string"}}],"inLanguage":"fr-FR"}]}},"jetpack_sharing_enabled":true,"jetpack_shortlink":"https:\/\/wp.me\/P9lcRP-1Qm","jetpack_likes_enabled":true,"jetpack-related-posts":[],"_links":{"self":[{"href":"https:\/\/www.orno.be\/index.php\/wp-json\/wp\/v2\/pages\/7090","targetHints":{"allow":["GET"]}}],"collection":[{"href":"https:\/\/www.orno.be\/index.php\/wp-json\/wp\/v2\/pages"}],"about":[{"href":"https:\/\/www.orno.be\/index.php\/wp-json\/wp\/v2\/types\/page"}],"author":[{"embeddable":true,"href":"https:\/\/www.orno.be\/index.php\/wp-json\/wp\/v2\/users\/1"}],"replies":[{"embeddable":true,"href":"https:\/\/www.orno.be\/index.php\/wp-json\/wp\/v2\/comments?post=7090"}],"version-history":[{"count":12,"href":"https:\/\/www.orno.be\/index.php\/wp-json\/wp\/v2\/pages\/7090\/revisions"}],"predecessor-version":[{"id":7390,"href":"https:\/\/www.orno.be\/index.php\/wp-json\/wp\/v2\/pages\/7090\/revisions\/7390"}],"up":[{"embeddable":true,"href":"https:\/\/www.orno.be\/index.php\/wp-json\/wp\/v2\/pages\/140"}],"wp:attachment":[{"href":"https:\/\/www.orno.be\/index.php\/wp-json\/wp\/v2\/media?parent=7090"}],"curies":[{"name":"wp","href":"https:\/\/api.w.org\/{rel}","templated":true}]}}